{"id":2,"date":"2023-08-31T13:01:27","date_gmt":"2023-08-31T13:01:27","guid":{"rendered":"https:\/\/academiaespada.com\/?page_id=2"},"modified":"2024-08-09T22:08:16","modified_gmt":"2024-08-09T22:08:16","slug":"verdadera-destreza","status":"publish","type":"page","link":"http:\/\/academiaespada.com\/es\/verdadera-destreza\/","title":{"rendered":"Verdadera Destreza"},"content":{"rendered":"<div style=\"height:100px\" aria-hidden=\"true\" class=\"wp-block-spacer\"><\/div>\n\n\n<h2 class=\"wp-block-post-title\">Verdadera Destreza<\/h2>\n\n\n<p class=\"has-text-align-right has-large-font-size\"><em>El arte da la esgrima convertido en ciencia.<\/em><\/p>\n\n\n\n<div style=\"height:100px\" aria-hidden=\"true\" class=\"wp-block-spacer\"><\/div>\n\n\n\n<p>Nuestra escuela trabaja principalmente con la ropera de taza, bas\u00e1ndonos en la tradici\u00f3n de la \u00ab<strong>Verdadera Destreza<\/strong>\u00bb: un arte marciai hist\u00f3rico \u2014 a veces llamado ciencia por sus creadores \u2014 aplicable a varias armas que fue muy popular en las tierras controladas por la Monarquia Hisp\u00e1nica durante los siglos XVI, XVII y XVIII.<\/p>\n\n\n\n<div style=\"height:50px\" aria-hidden=\"true\" class=\"wp-block-spacer\"><\/div>\n\n\n\n<div class=\"wp-block-group alignfull has-global-padding is-layout-constrained wp-block-group-is-layout-constrained\">\n<div class=\"wp-block-group alignfull has-base-background-color has-background is-content-justification-center is-nowrap is-layout-flex wp-container-core-group-is-layout-1 wp-block-group-is-layout-flex wp-container-1 is-position-sticky\" style=\"padding-top:var(--wp--preset--spacing--20);padding-bottom:var(--wp--preset--spacing--20)\">\n<div class=\"wp-block-buttons has-custom-font-size has-small-font-size is-content-justification-center is-layout-flex wp-container-core-buttons-is-layout-1 wp-block-buttons-is-layout-flex\">\n<div class=\"wp-block-button is-style-fill\"><a class=\"wp-block-button__link wp-element-button\" href=\"#practice\">La Pr\u00e1ctica<\/a><\/div>\n\n\n\n<div class=\"wp-block-button is-style-outline is-style-outline--d11bdca3a6a40080a951911e0b1d7165\"><a class=\"wp-block-button__link wp-element-button\" href=\"#styles\">Los Estilos<\/a><\/div>\n\n\n\n<div class=\"wp-block-button is-style-fill\"><a class=\"wp-block-button__link wp-element-button\" href=\"#tools\">Las Herramientas<\/a><\/div>\n\n\n\n<div class=\"wp-block-button is-style-outline is-style-outline--30b37e1cff98af413ed69ed31604387d\"><a class=\"wp-block-button__link wp-element-button\" href=\"#sources\">Las Fuentes<\/a><\/div>\n<\/div>\n<\/div>\n\n\n\n<div style=\"height:50px;width:0px\" aria-hidden=\"true\" class=\"wp-block-spacer\"><\/div>\n\n\n\n<div class=\"wp-block-group alignfull has-base-2-color has-contrast-background-color has-text-color has-background has-link-color wp-elements-1179e33790b34495ac356745ea242e85 has-global-padding is-layout-constrained wp-container-core-group-is-layout-3 wp-block-group-is-layout-constrained\" id=\"practice\" style=\"margin-top:0;margin-bottom:0;padding-top:0;padding-right:var(--wp--preset--spacing--50);padding-bottom:0;padding-left:var(--wp--preset--spacing--50)\">\n<div class=\"wp-block-group alignwide has-global-padding is-layout-constrained wp-container-core-group-is-layout-2 wp-block-group-is-layout-constrained\">\n<div style=\"height:100px\" aria-hidden=\"true\" class=\"wp-block-spacer\"><\/div>\n\n\n\n<h2 class=\"wp-block-heading has-text-align-center\">La Pr\u00e1ctica<\/h2>\n\n\n\n<div style=\"height:50px\" aria-hidden=\"true\" class=\"wp-block-spacer\"><\/div>\n\n\n\n<figure class=\"wp-block-embed is-type-video is-provider-youtube wp-block-embed-youtube wp-embed-aspect-16-9 wp-has-aspect-ratio\"><div class=\"wp-block-embed__wrapper\">\n<iframe loading=\"lazy\" title=\"Emma Rios &amp; Ton Puey - Verdadeira Destreza - Rapier &amp; Dagger\" width=\"500\" height=\"281\" src=\"https:\/\/www.youtube.com\/embed\/cVlutQQGkjc?feature=oembed\" frameborder=\"0\" allow=\"accelerometer; autoplay; clipboard-write; encrypted-media; gyroscope; picture-in-picture; web-share\" referrerpolicy=\"strict-origin-when-cross-origin\" allowfullscreen><\/iframe>\n<\/div><\/figure>\n\n\n\n<div style=\"height:50px\" aria-hidden=\"true\" class=\"wp-block-spacer\"><\/div>\n\n\n\n<div class=\"wp-block-columns is-layout-flex wp-container-core-columns-is-layout-1 wp-block-columns-is-layout-flex\">\n<div class=\"wp-block-column is-layout-flow wp-block-column-is-layout-flow\">\n<p><strong>Verdadera Destreza<\/strong> , \u00abFilosof\u00eda de las Armas\u00bb, \u00abAgresi\u00f3n y Defensa Cristiana\u00bb, \u00abOplosophia\u00bb, \u00abMatem\u00e1tica de las Armas\u00bb, \u00abCiencia de la Espada\u00bb...<\/p>\n\n\n\n<p>Es caracter\u00edstica de este estilo la postura del <em>diestro<\/em> (la persona que estudia Destreza): mayormente erguida, con ligereza de pies y movimiento cont\u00ednuo.<\/p>\n\n\n\n<p>El sistema tiene sus bases cient\u00edficas y filos\u00f3ficas en Plat\u00f3n, Arist\u00f3teles y Euclides, y basa sus explicaciones en la matem\u00e1tica y la geometr\u00eda.&nbsp;<\/p>\n\n\n\n<p>Era considerada una forma de autodefensa, de modo que la autopreservaci\u00f3n tiene un papel principal (como opuesto a priorizar herir al oponente).<\/p>\n\n\n\n<p>Adiccionalmente, con base en el pensamiento cristiano de la \u00e9poca, la intensidad del ataque del oponente debe ser respondida de forma adecuada y proporcionada. Desarmar al adversario (<em>Movimiento de Conclusi\u00f3n<\/em>y ser capaz de mostrar merced eran los mayores logros que un diestro podr\u00eda alcanzar.<\/p>\n<\/div>\n\n\n\n<div class=\"wp-block-column is-layout-flow wp-block-column-is-layout-flow\">\n<p>La aproximaci\u00f3n esgrim\u00edstica de la Verdadera Destreza es, por tanto, controlar el arma contraria (<em>atajo<\/em>) para ejecutar a partir de ah\u00ed la ofensiva m\u00e1s segura posible.<\/p>\n\n\n\n<p>En teor\u00eda, el objetivo es imposibilitar a la otra persona de herir al diestro, mediante el control de la l\u00ednea central (el primer plano vertical). Esto se consigue mediante un juego de pies no lineal y una b\u00fasqueda constante de \u00e1ngulos favorables para el ataque y la defensa.<\/p>\n\n\n\n<p>A mayores, se desaconseja que el diestro haga movimientos extremos de cuerpo. Por ejemplo: el t\u00edpico fondo extremadamente profundo de la actual esgrima ol\u00edmpica va en contra del esp\u00edritu de la Verdadera Destreza (aunque fondos contenidos s\u00ed se muestran en las obras de Rada \u2014 ver el apartado de <a href=\"#sources\">fuentes<\/a>).&nbsp;<\/p>\n\n\n\n<p>Otro aspecto interesante es la mentalidad requerida, donde la paciencia juega un papel primordial. Si el diestro se precipita para conseguir su tocado, la experiencia muestra que con frecuencia recibir\u00e1 herida tambi\u00e9n.&nbsp;<\/p>\n<\/div>\n<\/div>\n\n\n\n<div style=\"height:100px\" aria-hidden=\"true\" class=\"wp-block-spacer\"><\/div>\n<\/div>\n<\/div>\n\n\n\n<div class=\"wp-block-group alignfull has-contrast-color has-base-2-background-color has-text-color has-background has-link-color wp-elements-cdb03a5de181253d410e5a947ca672a1 has-global-padding is-layout-constrained wp-container-core-group-is-layout-5 wp-block-group-is-layout-constrained\" id=\"styles\" style=\"margin-top:0;margin-bottom:0;padding-top:0;padding-right:var(--wp--preset--spacing--50);padding-bottom:0;padding-left:var(--wp--preset--spacing--50)\">\n<div class=\"wp-block-group alignwide has-global-padding is-layout-constrained wp-container-core-group-is-layout-4 wp-block-group-is-layout-constrained\">\n<div style=\"height:100px\" aria-hidden=\"true\" class=\"wp-block-spacer\"><\/div>\n\n\n\n<h2 class=\"wp-block-heading has-text-align-center\">Los Estilos y Per\u00edodos<\/h2>\n\n\n\n<div style=\"height:100px\" aria-hidden=\"true\" class=\"wp-block-spacer\"><\/div>\n\n\n\n<p>La tradici\u00f3n de la Verdadera Destreza tiene su origen a mediados del siglo XVI y durante los tres siglos en que est\u00e1 activa podemos observar una evoluci\u00f3n, tanto de las herramientas (espadas, dagas, etc.) como de los estilos, la teor\u00eda e incluso las posiciones corporales descritas en las fuentes.<\/p>\n\n\n\n<p>En Academia da Espada definimos tres grandes per\u00edodos, que deben estudiarse con las armas adecuadas. Los l\u00edmites entre cada per\u00edodo son difusos y las diferencias que destacamos en ellos en realidad implican diferentes interpretaciones de la tradici\u00f3n m\u00e1s amplia de la Verdadera Destreza (por ejemplo, Carrancistas vs. Pachequistas). Sin embargo, esta demarcaci\u00f3n es \u00fatil para comprender la evoluci\u00f3n de la Destreza y realizar una pr\u00e1ctica marcial correcta.<\/p>\n\n\n\n<div style=\"height:50px\" aria-hidden=\"true\" class=\"wp-block-spacer\"><\/div>\n\n\n\n<h3 class=\"wp-block-heading\">El Per\u00edodo Inicial<\/h3>\n\n\n\n<div style=\"height:50px\" aria-hidden=\"true\" class=\"wp-block-spacer\"><\/div>\n\n\n\n<figure class=\"wp-block-embed is-type-video is-provider-youtube wp-block-embed-youtube wp-embed-aspect-16-9 wp-has-aspect-ratio\"><div class=\"wp-block-embed__wrapper\">\n<iframe loading=\"lazy\" title=\"LA VERDADERA DESTREZA: ROPERA INICIAL\" width=\"500\" height=\"281\" src=\"https:\/\/www.youtube.com\/embed\/721cfF8Ak_M?feature=oembed\" frameborder=\"0\" allow=\"accelerometer; autoplay; clipboard-write; encrypted-media; gyroscope; picture-in-picture; web-share\" referrerpolicy=\"strict-origin-when-cross-origin\" allowfullscreen><\/iframe>\n<\/div><\/figure>\n\n\n\n<p>El primer autor que escribe sobre la Verdadera Destreza es <strong>Jer\u00f3nimo S\u00e1nchez de Carranza<\/strong>, en 1569. Se le considera el fundador de esta tradici\u00f3n.<\/p>\n\n\n\n<p>Una de las principales caracter\u00edsticas de este periodo son las espadas con protecci\u00f3n limitada para la mano: anillos que dejan grandes agujeros por donde puede pasar la estocada.<\/p>\n\n\n\n<p>La espada se sostiene con el \u00edndice y el pulgar dentro del recazo, lo que facilita el control de la hoja opuesta (el <em>atajo<\/em>), y las posiciones descritas son siempre muy erguidas.<\/p>\n\n\n\n<figure class=\"wp-block-gallery has-nested-images columns-2 is-cropped wp-block-gallery-2 is-layout-flex wp-block-gallery-is-layout-flex\">\n<figure class=\"wp-block-image size-large\"><a href=\"https:\/\/academiaespada.com\/wp-content\/uploads\/2024\/05\/image4.jpg\"><img loading=\"lazy\" decoding=\"async\" width=\"548\" height=\"797\" data-id=\"17059\" src=\"https:\/\/academiaespada.com\/wp-content\/uploads\/2024\/05\/image4.jpg\" alt=\"\" class=\"wp-image-17059\" srcset=\"https:\/\/academiaespada.com\/wp-content\/uploads\/2024\/05\/image4.jpg 548w, https:\/\/academiaespada.com\/wp-content\/uploads\/2024\/05\/image4-206x300.jpg 206w, https:\/\/academiaespada.com\/wp-content\/uploads\/2024\/05\/image4-500x727.jpg 500w\" sizes=\"auto, (max-width: 548px) 100vw, 548px\" \/><\/a><figcaption class=\"wp-element-caption\">Pacheco, <em>Grandezas<\/em>, 1600<\/figcaption><\/figure>\n\n\n\n<figure class=\"wp-block-image size-large\"><a href=\"https:\/\/academiaespada.com\/wp-content\/uploads\/2024\/05\/image1.jpg\"><img loading=\"lazy\" decoding=\"async\" width=\"709\" height=\"1024\" data-id=\"17061\" src=\"https:\/\/academiaespada.com\/wp-content\/uploads\/2024\/05\/image1-709x1024.jpg\" alt=\"\" class=\"wp-image-17061\" srcset=\"https:\/\/academiaespada.com\/wp-content\/uploads\/2024\/05\/image1-709x1024.jpg 709w, https:\/\/academiaespada.com\/wp-content\/uploads\/2024\/05\/image1-208x300.jpg 208w, https:\/\/academiaespada.com\/wp-content\/uploads\/2024\/05\/image1-768x1110.jpg 768w, https:\/\/academiaespada.com\/wp-content\/uploads\/2024\/05\/image1-500x722.jpg 500w, https:\/\/academiaespada.com\/wp-content\/uploads\/2024\/05\/image1-800x1156.jpg 800w, https:\/\/academiaespada.com\/wp-content\/uploads\/2024\/05\/image1.jpg 809w\" sizes=\"auto, (max-width: 709px) 100vw, 709px\" \/><\/a><figcaption class=\"wp-element-caption\">Pacheco, <em>Grandezas<\/em>, 1600<\/figcaption><\/figure>\n\n\n\n<figure class=\"wp-block-image size-full\"><a href=\"https:\/\/academiaespada.com\/wp-content\/uploads\/2024\/05\/image6.png\"><img loading=\"lazy\" decoding=\"async\" width=\"958\" height=\"325\" data-id=\"17062\" src=\"https:\/\/academiaespada.com\/wp-content\/uploads\/2024\/05\/image6.png\" alt=\"\" class=\"wp-image-17062\" srcset=\"https:\/\/academiaespada.com\/wp-content\/uploads\/2024\/05\/image6.png 958w, https:\/\/academiaespada.com\/wp-content\/uploads\/2024\/05\/image6-300x102.png 300w, https:\/\/academiaespada.com\/wp-content\/uploads\/2024\/05\/image6-768x261.png 768w, https:\/\/academiaespada.com\/wp-content\/uploads\/2024\/05\/image6-500x170.png 500w, https:\/\/academiaespada.com\/wp-content\/uploads\/2024\/05\/image6-800x271.png 800w\" sizes=\"auto, (max-width: 958px) 100vw, 958px\" \/><\/a><figcaption class=\"wp-element-caption\">Pacheco <em>Compendio<\/em>, 1612<\/figcaption><\/figure>\n<\/figure>\n\n\n\n<div style=\"height:20px\" aria-hidden=\"true\" class=\"wp-block-spacer\"><\/div>\n\n\n\n<p>El otro exponente de este periodo es <strong>Luis Pacheco de Narv\u00e1ez<\/strong>, en 1625, maestro real de armas y <em>Maestro Mayor<\/em>, encargado de regular la ense\u00f1anza de la esgrima en todos los reinos correspondientes. Si bien comenz\u00f3 siguiendo a Carranza, con el paso del tiempo se apart\u00f3 de la teor\u00eda del primer maestro, desarrollando su propia corriente del arte.<\/p>\n\n\n\n<p>Es importante mencionar otros autores relevantes, como <strong>Octavio Ferrara<\/strong>, <strong>Diogo G\u00f3mes de Figueiredo<\/strong> o <strong>G\u00e9rard Thibault<\/strong>, todos con grandes diferencias pero tambi\u00e9n con muchos puntos comunes.<\/p>\n\n\n\n<div style=\"height:50px\" aria-hidden=\"true\" class=\"wp-block-spacer\"><\/div>\n\n\n\n<h3 class=\"wp-block-heading\">El Per\u00edodo Moderno<\/h3>\n\n\n\n<div style=\"height:50px\" aria-hidden=\"true\" class=\"wp-block-spacer\"><\/div>\n\n\n\n<figure class=\"wp-block-embed is-type-video is-provider-youtube wp-block-embed-youtube wp-embed-aspect-16-9 wp-has-aspect-ratio\"><div class=\"wp-block-embed__wrapper\">\n<iframe loading=\"lazy\" title=\"LA VERDADERA DESTREZA: PER\u00cdODO MODERNO\" width=\"500\" height=\"281\" src=\"https:\/\/www.youtube.com\/embed\/9DW4L649HFk?feature=oembed\" frameborder=\"0\" allow=\"accelerometer; autoplay; clipboard-write; encrypted-media; gyroscope; picture-in-picture; web-share\" referrerpolicy=\"strict-origin-when-cross-origin\" allowfullscreen><\/iframe>\n<\/div><\/figure>\n\n\n\n<p>El desarrollo de una mejor protecci\u00f3n para las manos (grandes guardas de concha y la famosa y caracter\u00edstica empu\u00f1adura en forma de copa) durante la d\u00e9cada de 1630 favoreci\u00f3 una peque\u00f1a pero importante evoluci\u00f3n en la escuela.<\/p>\n\n\n\n<p>Las espadas ahora se sostienen con los dedos \u00edndice y medio en el recazo, junto con el pulgar, lo que proporciona m\u00e1s fuerza y \u200b\u200bcontrol en el <em>atajo<\/em>, y perfecciona la caracter\u00edstica postura en \u00e1ngulo recto del esgrimista.<\/p>\n\n\n\n<p>La relevancia de esta elecci\u00f3n se destaca en el trabajo del maestro <strong>Luis D\u00edaz de Viedma<\/strong>, publicado en 1639. <strong>Cristobal de Cala<\/strong>, en 1642, muestra como esta forma de sostener la espada ayuda a controlar el arma contraria (<em>atajo<\/em>), incluso si nuestra hoja est\u00e1 debajo de la suya.<\/p>\n\n\n\n<figure class=\"wp-block-gallery has-nested-images columns-2 is-cropped wp-block-gallery-3 is-layout-flex wp-block-gallery-is-layout-flex\">\n<figure class=\"wp-block-image size-large\"><a href=\"https:\/\/academiaespada.com\/wp-content\/uploads\/2024\/05\/image9-2.jpg\"><img loading=\"lazy\" decoding=\"async\" width=\"1024\" height=\"654\" data-id=\"17064\" src=\"https:\/\/academiaespada.com\/wp-content\/uploads\/2024\/05\/image9-2-1024x654.jpg\" alt=\"\" class=\"wp-image-17064\" srcset=\"https:\/\/academiaespada.com\/wp-content\/uploads\/2024\/05\/image9-2-1024x654.jpg 1024w, https:\/\/academiaespada.com\/wp-content\/uploads\/2024\/05\/image9-2-300x192.jpg 300w, https:\/\/academiaespada.com\/wp-content\/uploads\/2024\/05\/image9-2-768x490.jpg 768w, https:\/\/academiaespada.com\/wp-content\/uploads\/2024\/05\/image9-2-500x319.jpg 500w, https:\/\/academiaespada.com\/wp-content\/uploads\/2024\/05\/image9-2-800x511.jpg 800w, https:\/\/academiaespada.com\/wp-content\/uploads\/2024\/05\/image9-2-1280x817.jpg 1280w, https:\/\/academiaespada.com\/wp-content\/uploads\/2024\/05\/image9-2.jpg 1372w\" sizes=\"auto, (max-width: 1024px) 100vw, 1024px\" \/><\/a><figcaption class=\"wp-element-caption\">Garay, 1656.<\/figcaption><\/figure>\n\n\n\n<figure class=\"wp-block-image size-large\"><a href=\"https:\/\/academiaespada.com\/wp-content\/uploads\/2024\/05\/image10.jpg\"><img loading=\"lazy\" decoding=\"async\" width=\"597\" height=\"498\" data-id=\"17069\" src=\"https:\/\/academiaespada.com\/wp-content\/uploads\/2024\/05\/image10.jpg\" alt=\"\" class=\"wp-image-17069\" srcset=\"https:\/\/academiaespada.com\/wp-content\/uploads\/2024\/05\/image10.jpg 597w, https:\/\/academiaespada.com\/wp-content\/uploads\/2024\/05\/image10-300x250.jpg 300w, https:\/\/academiaespada.com\/wp-content\/uploads\/2024\/05\/image10-500x417.jpg 500w\" sizes=\"auto, (max-width: 597px) 100vw, 597px\" \/><\/a><figcaption class=\"wp-element-caption\">Ferrer, fines del siglo XVII.<\/figcaption><\/figure>\n\n\n\n<figure class=\"wp-block-image size-large\"><a href=\"https:\/\/academiaespada.com\/wp-content\/uploads\/2024\/05\/image12.png\"><img loading=\"lazy\" decoding=\"async\" width=\"1024\" height=\"612\" data-id=\"17066\" src=\"https:\/\/academiaespada.com\/wp-content\/uploads\/2024\/05\/image12-1024x612.png\" alt=\"\" class=\"wp-image-17066\" srcset=\"https:\/\/academiaespada.com\/wp-content\/uploads\/2024\/05\/image12-1024x612.png 1024w, https:\/\/academiaespada.com\/wp-content\/uploads\/2024\/05\/image12-300x179.png 300w, https:\/\/academiaespada.com\/wp-content\/uploads\/2024\/05\/image12-768x459.png 768w, https:\/\/academiaespada.com\/wp-content\/uploads\/2024\/05\/image12-500x299.png 500w, https:\/\/academiaespada.com\/wp-content\/uploads\/2024\/05\/image12-800x478.png 800w, https:\/\/academiaespada.com\/wp-content\/uploads\/2024\/05\/image12-1280x765.png 1280w, https:\/\/academiaespada.com\/wp-content\/uploads\/2024\/05\/image12.png 1293w\" sizes=\"auto, (max-width: 1024px) 100vw, 1024px\" \/><\/a><figcaption class=\"wp-element-caption\">Rada, 1705.<\/figcaption><\/figure>\n\n\n\n<figure class=\"wp-block-image size-large\"><a href=\"https:\/\/academiaespada.com\/wp-content\/uploads\/2024\/05\/image14.png\"><img loading=\"lazy\" decoding=\"async\" width=\"1024\" height=\"590\" data-id=\"17067\" src=\"https:\/\/academiaespada.com\/wp-content\/uploads\/2024\/05\/image14-1024x590.png\" alt=\"\" class=\"wp-image-17067\" srcset=\"https:\/\/academiaespada.com\/wp-content\/uploads\/2024\/05\/image14-1024x590.png 1024w, https:\/\/academiaespada.com\/wp-content\/uploads\/2024\/05\/image14-300x173.png 300w, https:\/\/academiaespada.com\/wp-content\/uploads\/2024\/05\/image14-768x443.png 768w, https:\/\/academiaespada.com\/wp-content\/uploads\/2024\/05\/image14-500x288.png 500w, https:\/\/academiaespada.com\/wp-content\/uploads\/2024\/05\/image14-800x461.png 800w, https:\/\/academiaespada.com\/wp-content\/uploads\/2024\/05\/image14-1280x738.png 1280w, https:\/\/academiaespada.com\/wp-content\/uploads\/2024\/05\/image14.png 1317w\" sizes=\"auto, (max-width: 1024px) 100vw, 1024px\" \/><\/a><figcaption class=\"wp-element-caption\">Rada, 1705.<\/figcaption><\/figure>\n<\/figure>\n\n\n\n<div style=\"height:20px\" aria-hidden=\"true\" class=\"wp-block-spacer\"><\/div>\n\n\n\n<p>Este tipo de <em>atajo inferior<\/em> ser\u00e1 explorado en mayor detalle por el maestro m\u00e1s importante de este per\u00edodo, <strong>Francisco Lorenz de Rada<\/strong>, quien public\u00f3 su primer tratado en 1695 y, en 1705, escribi\u00f3 lo que viene a ser la descripci\u00f3n m\u00e1s profusa y detallada de la teor\u00eda y t\u00e9cnica de la Verdadera Destreza, <em>Nobleza de la Espada<\/em>.<\/p>\n\n\n\n<p>Adem\u00e1s, el contacto con escuelas extranjeras y la evoluci\u00f3n de las armas promueven el uso ocasional de posturas m\u00e1s bajas y menos erguidas, como la famosa <em>Bella Espa\u00f1ola<\/em>, descrita por Rada, o una postura similar descrita anteriormente por <strong>\u00c1lvaro Guerra de la Vega<\/strong> en 1681.<\/p>\n\n\n\n<p>Esta \u00e9poca es la m\u00e1s prol\u00edfica en tratados y autores. Algunos permanecer\u00e1n m\u00e1s o menos ortodoxos dentro de la tradici\u00f3n, como <strong>Francisco Antonio de Ettenhard<\/strong> o <strong>Miguel P\u00e9rez de Mendoza<\/strong>. Otros, por contra, retornar\u00e1n a tendencias arcaizantes, como es el caso de <strong>Nicol\u00e1s de Tamariz<\/strong>, quien insiste en sostener la espada \u00fanicamente con el dedo \u00edndice en el recazo. A\u00fan otros autores desarrollar\u00e1n tendencias claramente heterodoxas, como <strong>Juan Antonio de Arrieta<\/strong> whom, in 1688, rejects cutting with the sword altogether.<\/p>\n\n\n\n<p>Este periodo finaliza con el admirador y defensor de las tesis de Rada <strong>Nicol\u00e1s Noveli<\/strong> que escribe su <em>Crisol especulativo<\/em>en 1731.<\/p>\n\n\n\n<div style=\"height:50px\" aria-hidden=\"true\" class=\"wp-block-spacer\"><\/div>\n\n\n\n<h3 class=\"wp-block-heading\">El Per\u00edodo de la Doctrina Mixta<\/h3>\n\n\n\n<div style=\"height:50px\" aria-hidden=\"true\" class=\"wp-block-spacer\"><\/div>\n\n\n\n<figure class=\"wp-block-embed is-type-video is-provider-youtube wp-block-embed-youtube wp-embed-aspect-16-9 wp-has-aspect-ratio\"><div class=\"wp-block-embed__wrapper\">\n<iframe loading=\"lazy\" title=\"LA VERDADERA DESTREZA: BELLA ESPA\u00d1OLA Y ESCUELA MIXTA\" width=\"500\" height=\"281\" src=\"https:\/\/www.youtube.com\/embed\/Ny7diHKaj6c?feature=oembed\" frameborder=\"0\" allow=\"accelerometer; autoplay; clipboard-write; encrypted-media; gyroscope; picture-in-picture; web-share\" referrerpolicy=\"strict-origin-when-cross-origin\" allowfullscreen><\/iframe>\n<\/div><\/figure>\n\n\n\n<p>El posterior desarrollo de las armas, la llegada de modas procedentes de la nueva gran potencia europea (Francia) y, finalmente, el cambio de dinast\u00eda reinante a los Borbones, propician la introducci\u00f3n de escuelas extranjeras que, poco a poco, ir\u00e1n tomando el relevo de la Verdadera Destreza.<\/p>\n\n\n\n<p>La primera reacci\u00f3n de muchos maestros, sin embargo, ser\u00e1 la creaci\u00f3n de un nuevo estilo al que llamar\u00e1n <em>Escuela Mixta<\/em> Su mayor exponente ser\u00e1 el <em>Maestro Mayor<\/em> <strong>Rodr\u00edguez del Canto<\/strong>quien, en su trabajo de 1735, <em>El Disc\u00edpulo Instru\u00eddo<\/em>, cubre el uso de la ropera, sola y con daga, pero tambi\u00e9n desarrolla el uso del arma que la reemplazar\u00e1: el espad\u00edn.<\/p>\n\n\n\n<p>Esta escuela mixta se caracteriza por una mezcla de los estilos ib\u00e9rico, it\u00e1lico y franco. Presenta varias posiciones corporales, en contraposici\u00f3n al tradicional \u00e1ngulo recto \u00fanico, y adapta muchas t\u00e9cnicas de la tradicional Verdadera Destreza a una posici\u00f3n m\u00e1s baja (<em>desplante<\/em>).<\/p>\n\n\n\n<figure class=\"wp-block-gallery has-nested-images columns-default is-cropped wp-block-gallery-4 is-layout-flex wp-block-gallery-is-layout-flex\">\n<figure class=\"wp-block-image size-large\"><a href=\"https:\/\/academiaespada.com\/wp-content\/uploads\/2024\/05\/image13.png\"><img loading=\"lazy\" decoding=\"async\" width=\"638\" height=\"1024\" data-id=\"17087\" src=\"https:\/\/academiaespada.com\/wp-content\/uploads\/2024\/05\/image13-638x1024.png\" alt=\"\" class=\"wp-image-17087\" srcset=\"https:\/\/academiaespada.com\/wp-content\/uploads\/2024\/05\/image13-638x1024.png 638w, https:\/\/academiaespada.com\/wp-content\/uploads\/2024\/05\/image13-187x300.png 187w, https:\/\/academiaespada.com\/wp-content\/uploads\/2024\/05\/image13-768x1233.png 768w, https:\/\/academiaespada.com\/wp-content\/uploads\/2024\/05\/image13-500x803.png 500w, https:\/\/academiaespada.com\/wp-content\/uploads\/2024\/05\/image13.png 789w\" sizes=\"auto, (max-width: 638px) 100vw, 638px\" \/><\/a><figcaption class=\"wp-element-caption\">Rodr\u00edguez del Canto, 1735<\/figcaption><\/figure>\n\n\n\n<figure class=\"wp-block-image size-large\"><a href=\"https:\/\/academiaespada.com\/wp-content\/uploads\/2024\/05\/image15.png\"><img loading=\"lazy\" decoding=\"async\" width=\"563\" height=\"914\" data-id=\"17086\" src=\"https:\/\/academiaespada.com\/wp-content\/uploads\/2024\/05\/image15.png\" alt=\"\" class=\"wp-image-17086\" srcset=\"https:\/\/academiaespada.com\/wp-content\/uploads\/2024\/05\/image15.png 563w, https:\/\/academiaespada.com\/wp-content\/uploads\/2024\/05\/image15-185x300.png 185w, https:\/\/academiaespada.com\/wp-content\/uploads\/2024\/05\/image15-500x812.png 500w\" sizes=\"auto, (max-width: 563px) 100vw, 563px\" \/><\/a><figcaption class=\"wp-element-caption\">Rodr\u00edguez del Canto, 1735<\/figcaption><\/figure>\n\n\n\n<figure class=\"wp-block-image size-large\"><a href=\"https:\/\/academiaespada.com\/wp-content\/uploads\/2024\/05\/image16-edited.png\"><img loading=\"lazy\" decoding=\"async\" width=\"489\" height=\"733\" data-id=\"17088\" src=\"https:\/\/academiaespada.com\/wp-content\/uploads\/2024\/05\/image16-edited.png\" alt=\"\" class=\"wp-image-17088\" srcset=\"https:\/\/academiaespada.com\/wp-content\/uploads\/2024\/05\/image16-edited.png 489w, https:\/\/academiaespada.com\/wp-content\/uploads\/2024\/05\/image16-edited-200x300.png 200w\" sizes=\"auto, (max-width: 489px) 100vw, 489px\" \/><\/a><figcaption class=\"wp-element-caption\">Brea, 1801<\/figcaption><\/figure>\n\n\n\n<figure class=\"wp-block-image size-large\"><a href=\"https:\/\/academiaespada.com\/wp-content\/uploads\/2024\/05\/image18.png\"><img loading=\"lazy\" decoding=\"async\" width=\"1024\" height=\"300\" data-id=\"17084\" src=\"https:\/\/academiaespada.com\/wp-content\/uploads\/2024\/05\/image18-1024x300.png\" alt=\"\" class=\"wp-image-17084\" srcset=\"https:\/\/academiaespada.com\/wp-content\/uploads\/2024\/05\/image18-1024x300.png 1024w, https:\/\/academiaespada.com\/wp-content\/uploads\/2024\/05\/image18-300x88.png 300w, https:\/\/academiaespada.com\/wp-content\/uploads\/2024\/05\/image18-768x225.png 768w, https:\/\/academiaespada.com\/wp-content\/uploads\/2024\/05\/image18-500x146.png 500w, https:\/\/academiaespada.com\/wp-content\/uploads\/2024\/05\/image18-800x234.png 800w, https:\/\/academiaespada.com\/wp-content\/uploads\/2024\/05\/image18-1280x374.png 1280w, https:\/\/academiaespada.com\/wp-content\/uploads\/2024\/05\/image18.png 1299w\" sizes=\"auto, (max-width: 1024px) 100vw, 1024px\" \/><\/a><figcaption class=\"wp-element-caption\">Sim\u00f3n de Fr\u00edas, 1809<\/figcaption><\/figure>\n<\/figure>\n\n\n\n<div style=\"height:20px\" aria-hidden=\"true\" class=\"wp-block-spacer\"><\/div>\n\n\n\n<p>M\u00e1s all\u00e1 de Rodr\u00edguez del Canto, otros autores relevantes son <strong>Manuel Antonio de Brea<\/strong> (<em>Principios Universales y Reglas Generales de la Verdadera Destreza del Espad\u00edn<\/em>, 1805) o el mexicano <strong>Sim\u00f3n de Fr\u00edas<\/strong> (<em>Tratado Elemental de la Destreza del Sable<\/em>, 1809).<\/p>\n\n\n\n<p>Estos y otros autores representan un \u00faltimo intento de adaptaci\u00f3n a las nuevas armas, especialmente el espad\u00edn y el sable. Sin embargo, este per\u00edodo ver\u00e1 a la Verdadera Destreza extinguirse poco a poco, durante el siglo XIX, desplazada por otras escuelas.<\/p>\n\n\n\n<div style=\"height:100px\" aria-hidden=\"true\" class=\"wp-block-spacer\"><\/div>\n<\/div>\n<\/div>\n\n\n\n<div class=\"wp-block-group alignfull has-base-2-color has-contrast-background-color has-text-color has-background has-link-color wp-elements-ebd841edb9b89f8fd734ed1636351704 has-global-padding is-layout-constrained wp-container-core-group-is-layout-15 wp-block-group-is-layout-constrained\" id=\"tools\" style=\"padding-right:0px;padding-left:0px\">\n<div style=\"height:100px\" aria-hidden=\"true\" class=\"wp-block-spacer\"><\/div>\n\n\n\n<h2 class=\"wp-block-heading has-text-align-center\">Las Herramientas<\/h2>\n\n\n\n<div style=\"height:50px\" aria-hidden=\"true\" class=\"wp-block-spacer\"><\/div>\n\n\n\n<div class=\"wp-block-group has-global-padding is-layout-constrained wp-container-core-group-is-layout-14 wp-block-group-is-layout-constrained\" style=\"margin-top:0;margin-bottom:0;padding-top:0;padding-right:0;padding-bottom:0;padding-left:0\">\n<div class=\"wp-block-columns alignwide is-layout-flex wp-container-core-columns-is-layout-2 wp-block-columns-is-layout-flex\" style=\"padding-right:0;padding-left:0\">\n<div class=\"wp-block-column is-layout-flow wp-block-column-is-layout-flow\">\n<figure class=\"wp-block-image size-full is-style-default wp-duotone-duotone-1\"><img loading=\"lazy\" decoding=\"async\" width=\"1641\" height=\"1597\" src=\"https:\/\/academiaespada.com\/wp-content\/uploads\/2024\/05\/early-rapier1-1-edited.jpeg\" alt=\"\" class=\"wp-image-17113\" style=\"aspect-ratio:1;object-fit:cover\" srcset=\"https:\/\/academiaespada.com\/wp-content\/uploads\/2024\/05\/early-rapier1-1-edited.jpeg 1641w, https:\/\/academiaespada.com\/wp-content\/uploads\/2024\/05\/early-rapier1-1-edited-300x292.jpeg 300w, https:\/\/academiaespada.com\/wp-content\/uploads\/2024\/05\/early-rapier1-1-edited-1024x997.jpeg 1024w, https:\/\/academiaespada.com\/wp-content\/uploads\/2024\/05\/early-rapier1-1-edited-768x747.jpeg 768w, https:\/\/academiaespada.com\/wp-content\/uploads\/2024\/05\/early-rapier1-1-edited-1536x1495.jpeg 1536w, https:\/\/academiaespada.com\/wp-content\/uploads\/2024\/05\/early-rapier1-1-edited-500x487.jpeg 500w, https:\/\/academiaespada.com\/wp-content\/uploads\/2024\/05\/early-rapier1-1-edited-800x779.jpeg 800w, https:\/\/academiaespada.com\/wp-content\/uploads\/2024\/05\/early-rapier1-1-edited-1280x1246.jpeg 1280w\" sizes=\"auto, (max-width: 1641px) 100vw, 1641px\" \/><\/figure>\n\n\n\n<div class=\"wp-block-group is-vertical is-content-justification-center is-nowrap is-layout-flex wp-container-core-group-is-layout-6 wp-block-group-is-layout-flex\" style=\"margin-top:var(--wp--preset--spacing--20);margin-bottom:var(--wp--preset--spacing--20);padding-top:0;padding-bottom:0\">\n<h2 class=\"wp-block-heading has-text-align-center has-large-font-size\"><strong>La Ropera Temprana<\/strong><\/h2>\n\n\n\n<p class=\"has-text-align-center has-small-font-size\">Aunque puede adoptar m\u00faltiples formas, su caracter\u00edstica principal es que la protecci\u00f3n de la mano la proporciona una jaula m\u00e1s o menos compleja hecha de barras de metal. Tambi\u00e9n es m\u00e1s pesada, en general, que su evoluci\u00f3n posterior del per\u00edodo moderno.<\/p>\n<\/div>\n<\/div>\n\n\n\n<div class=\"wp-block-column is-layout-flow wp-block-column-is-layout-flow\">\n<figure class=\"wp-block-image size-full is-style-default\"><img loading=\"lazy\" decoding=\"async\" width=\"1280\" height=\"1920\" src=\"https:\/\/academiaespada.com\/wp-content\/uploads\/2024\/04\/roupeira2.jpeg\" alt=\"\" class=\"wp-image-16393\" style=\"aspect-ratio:1;object-fit:cover\" srcset=\"https:\/\/academiaespada.com\/wp-content\/uploads\/2024\/04\/roupeira2.jpeg 1280w, https:\/\/academiaespada.com\/wp-content\/uploads\/2024\/04\/roupeira2-200x300.jpeg 200w, https:\/\/academiaespada.com\/wp-content\/uploads\/2024\/04\/roupeira2-683x1024.jpeg 683w, https:\/\/academiaespada.com\/wp-content\/uploads\/2024\/04\/roupeira2-768x1152.jpeg 768w, https:\/\/academiaespada.com\/wp-content\/uploads\/2024\/04\/roupeira2-1024x1536.jpeg 1024w\" sizes=\"auto, (max-width: 1280px) 100vw, 1280px\" \/><\/figure>\n\n\n\n<div class=\"wp-block-group is-vertical is-content-justification-center is-nowrap is-layout-flex wp-container-core-group-is-layout-7 wp-block-group-is-layout-flex\" style=\"margin-top:var(--wp--preset--spacing--20);margin-bottom:var(--wp--preset--spacing--20);padding-top:0;padding-bottom:0\">\n<h2 class=\"wp-block-heading has-text-align-center has-large-font-size\"><strong>La Ropera de Taza<\/strong><\/h2>\n\n\n\n<p class=\"has-text-align-center has-small-font-size\">Las guardas de cazoleta o concha, muy habituales en las espadas ib\u00e9ricas, ofrecen una gran protecci\u00f3n a la mano. Adem\u00e1s, suelen ser m\u00e1s ligeras, en comparaci\u00f3n con las anteriores espadas anilladas, convirti\u00e9ndose as\u00ed en la herramienta perfecta para desarrollar al m\u00e1ximo la Verdadera Destreza.<\/p>\n<\/div>\n<\/div>\n<\/div>\n\n\n\n<div class=\"wp-block-columns alignwide is-layout-flex wp-container-core-columns-is-layout-3 wp-block-columns-is-layout-flex\" style=\"padding-right:0;padding-left:0\">\n<div class=\"wp-block-column is-layout-flow wp-block-column-is-layout-flow\">\n<figure class=\"wp-block-image size-full is-style-default wp-duotone-unset-5\"><img loading=\"lazy\" decoding=\"async\" width=\"1536\" height=\"1536\" src=\"https:\/\/academiaespada.com\/wp-content\/uploads\/2024\/05\/dagger-edited.jpeg\" alt=\"\" class=\"wp-image-17115\" style=\"aspect-ratio:1;object-fit:cover\" srcset=\"https:\/\/academiaespada.com\/wp-content\/uploads\/2024\/05\/dagger-edited.jpeg 1536w, https:\/\/academiaespada.com\/wp-content\/uploads\/2024\/05\/dagger-edited-300x300.jpeg 300w, https:\/\/academiaespada.com\/wp-content\/uploads\/2024\/05\/dagger-edited-1024x1024.jpeg 1024w, https:\/\/academiaespada.com\/wp-content\/uploads\/2024\/05\/dagger-edited-150x150.jpeg 150w, https:\/\/academiaespada.com\/wp-content\/uploads\/2024\/05\/dagger-edited-768x768.jpeg 768w, https:\/\/academiaespada.com\/wp-content\/uploads\/2024\/05\/dagger-edited-500x500.jpeg 500w, https:\/\/academiaespada.com\/wp-content\/uploads\/2024\/05\/dagger-edited-800x800.jpeg 800w, https:\/\/academiaespada.com\/wp-content\/uploads\/2024\/05\/dagger-edited-1280x1280.jpeg 1280w\" sizes=\"auto, (max-width: 1536px) 100vw, 1536px\" \/><\/figure>\n\n\n\n<div class=\"wp-block-group is-vertical is-content-justification-center is-nowrap is-layout-flex wp-container-core-group-is-layout-8 wp-block-group-is-layout-flex\" style=\"margin-top:var(--wp--preset--spacing--20);margin-bottom:var(--wp--preset--spacing--20);padding-top:0;padding-bottom:0\">\n<h4 class=\"wp-block-heading has-text-align-center has-large-font-size\"><strong>La Daga<\/strong><\/h4>\n\n\n\n<p class=\"has-text-align-center has-small-font-size\">En el per\u00edodo inicial, la daga es un accesorio indispensable para un gentilhombre distinguido, tanto como herramienta, como arma de apoyo a la espada ropera primitiva. Normalmente, las guarniciones de la espada y la daga tienen una construcci\u00f3n similar.<\/p>\n<\/div>\n<\/div>\n\n\n\n<div class=\"wp-block-column is-layout-flow wp-block-column-is-layout-flow\">\n<figure class=\"wp-block-image size-full is-style-default wp-duotone-unset-6\"><img loading=\"lazy\" decoding=\"async\" width=\"1417\" height=\"1417\" src=\"https:\/\/academiaespada.com\/wp-content\/uploads\/2024\/05\/sail-dagger-edited.jpeg\" alt=\"\" class=\"wp-image-17118\" style=\"aspect-ratio:1;object-fit:cover\" srcset=\"https:\/\/academiaespada.com\/wp-content\/uploads\/2024\/05\/sail-dagger-edited.jpeg 1417w, https:\/\/academiaespada.com\/wp-content\/uploads\/2024\/05\/sail-dagger-edited-300x300.jpeg 300w, https:\/\/academiaespada.com\/wp-content\/uploads\/2024\/05\/sail-dagger-edited-1024x1024.jpeg 1024w, https:\/\/academiaespada.com\/wp-content\/uploads\/2024\/05\/sail-dagger-edited-150x150.jpeg 150w, https:\/\/academiaespada.com\/wp-content\/uploads\/2024\/05\/sail-dagger-edited-768x768.jpeg 768w, https:\/\/academiaespada.com\/wp-content\/uploads\/2024\/05\/sail-dagger-edited-500x500.jpeg 500w, https:\/\/academiaespada.com\/wp-content\/uploads\/2024\/05\/sail-dagger-edited-800x800.jpeg 800w, https:\/\/academiaespada.com\/wp-content\/uploads\/2024\/05\/sail-dagger-edited-1280x1280.jpeg 1280w\" sizes=\"auto, (max-width: 1417px) 100vw, 1417px\" \/><\/figure>\n\n\n\n<div class=\"wp-block-group is-vertical is-content-justification-center is-nowrap is-layout-flex wp-container-core-group-is-layout-9 wp-block-group-is-layout-flex\" style=\"margin-top:var(--wp--preset--spacing--20);margin-bottom:var(--wp--preset--spacing--20);padding-top:0;padding-bottom:0\">\n<h4 class=\"wp-block-heading has-text-align-center has-large-font-size\"><strong>La Daga de Vela<\/strong><\/h4>\n\n\n\n<p class=\"has-text-align-center has-small-font-size\">Con una evoluci\u00f3n similar a la espada, la daga de vela (como se muestra en la foto) o daga de concha desarrolla una protecci\u00f3n m\u00e1s completa para la mano mientras que su hoja tiende a alargarse.<\/p>\n<\/div>\n<\/div>\n<\/div>\n\n\n\n<div class=\"wp-block-columns alignwide is-layout-flex wp-container-core-columns-is-layout-4 wp-block-columns-is-layout-flex\" style=\"padding-right:0;padding-left:0\">\n<div class=\"wp-block-column is-layout-flow wp-block-column-is-layout-flow\">\n<figure class=\"wp-block-image size-full is-style-default wp-duotone-duotone-1\"><img loading=\"lazy\" decoding=\"async\" width=\"1920\" height=\"1536\" src=\"https:\/\/academiaespada.com\/wp-content\/uploads\/2024\/02\/image00200.jpeg\" alt=\"\" class=\"wp-image-51\" style=\"aspect-ratio:1;object-fit:cover\" srcset=\"https:\/\/academiaespada.com\/wp-content\/uploads\/2024\/02\/image00200.jpeg 1920w, https:\/\/academiaespada.com\/wp-content\/uploads\/2024\/02\/image00200-300x240.jpeg 300w, https:\/\/academiaespada.com\/wp-content\/uploads\/2024\/02\/image00200-1024x819.jpeg 1024w, https:\/\/academiaespada.com\/wp-content\/uploads\/2024\/02\/image00200-768x614.jpeg 768w, https:\/\/academiaespada.com\/wp-content\/uploads\/2024\/02\/image00200-1536x1229.jpeg 1536w\" sizes=\"auto, (max-width: 1920px) 100vw, 1920px\" \/><\/figure>\n\n\n\n<div class=\"wp-block-group is-vertical is-content-justification-center is-nowrap is-layout-flex wp-container-core-group-is-layout-10 wp-block-group-is-layout-flex\" style=\"margin-top:var(--wp--preset--spacing--20);margin-bottom:var(--wp--preset--spacing--20);padding-top:0;padding-bottom:0\">\n<h4 class=\"wp-block-heading has-text-align-center has-large-font-size\">Las <strong>Defensas<\/strong><\/h4>\n\n\n\n<p class=\"has-text-align-center has-small-font-size\">El broquel de la Edad Media se hizo m\u00e1s grande y continu\u00f3 utiliz\u00e1ndose como complemento de la espada, al igual que los escudos redondos embrazados conocidos como <em>rodelas<\/em>, o incluso capas, o brazales. todos estos elementos caen dentro de la categor\u00eda de armas defensivas.<\/p>\n<\/div>\n<\/div>\n\n\n\n<div class=\"wp-block-column is-layout-flow wp-block-column-is-layout-flow\">\n<figure class=\"wp-block-image size-full is-style-default wp-duotone-duotone-1\"><img loading=\"lazy\" decoding=\"async\" width=\"1203\" height=\"1203\" src=\"https:\/\/academiaespada.com\/wp-content\/uploads\/2024\/04\/image00013.jpeg\" alt=\"\" class=\"wp-image-16756\" style=\"aspect-ratio:1;object-fit:cover\" srcset=\"https:\/\/academiaespada.com\/wp-content\/uploads\/2024\/04\/image00013.jpeg 1203w, https:\/\/academiaespada.com\/wp-content\/uploads\/2024\/04\/image00013-300x300.jpeg 300w, https:\/\/academiaespada.com\/wp-content\/uploads\/2024\/04\/image00013-1024x1024.jpeg 1024w, https:\/\/academiaespada.com\/wp-content\/uploads\/2024\/04\/image00013-150x150.jpeg 150w, https:\/\/academiaespada.com\/wp-content\/uploads\/2024\/04\/image00013-768x768.jpeg 768w, https:\/\/academiaespada.com\/wp-content\/uploads\/2024\/04\/image00013-500x500.jpeg 500w, https:\/\/academiaespada.com\/wp-content\/uploads\/2024\/04\/image00013-800x800.jpeg 800w\" sizes=\"auto, (max-width: 1203px) 100vw, 1203px\" \/><\/figure>\n\n\n\n<div class=\"wp-block-group is-vertical is-content-justification-center is-nowrap is-layout-flex wp-container-core-group-is-layout-11 wp-block-group-is-layout-flex\" style=\"margin-top:var(--wp--preset--spacing--20);margin-bottom:var(--wp--preset--spacing--20);padding-top:0;padding-bottom:0\">\n<h4 class=\"wp-block-heading has-text-align-center has-large-font-size\">Las <strong>Armas de Asta<\/strong><\/h4>\n\n\n\n<p class=\"has-text-align-center has-small-font-size\">Las armas de asta forman parte de la panoplia contempor\u00e1nea, desde la pica extralarga hasta la alabarda o la partisana, m\u00e1s manejables pero igualmente imponentes. Incluso algo tan sencillo como un bast\u00f3n largo era utilizado, por ejemplo, por los maestros de esgrima para mediar y controlar las clases y los combates.<\/p>\n<\/div>\n<\/div>\n<\/div>\n\n\n\n<div class=\"wp-block-columns alignwide is-layout-flex wp-container-core-columns-is-layout-5 wp-block-columns-is-layout-flex\" style=\"padding-right:0;padding-left:0\">\n<div class=\"wp-block-column is-layout-flow wp-block-column-is-layout-flow\">\n<figure class=\"wp-block-image size-full is-style-default\"><img loading=\"lazy\" decoding=\"async\" width=\"1920\" height=\"1143\" src=\"https:\/\/academiaespada.com\/wp-content\/uploads\/2024\/04\/montante.jpeg\" alt=\"\" class=\"wp-image-16396\" style=\"aspect-ratio:1;object-fit:cover\" srcset=\"https:\/\/academiaespada.com\/wp-content\/uploads\/2024\/04\/montante.jpeg 1920w, https:\/\/academiaespada.com\/wp-content\/uploads\/2024\/04\/montante-300x179.jpeg 300w, https:\/\/academiaespada.com\/wp-content\/uploads\/2024\/04\/montante-1024x610.jpeg 1024w, https:\/\/academiaespada.com\/wp-content\/uploads\/2024\/04\/montante-768x457.jpeg 768w, https:\/\/academiaespada.com\/wp-content\/uploads\/2024\/04\/montante-1536x914.jpeg 1536w\" sizes=\"auto, (max-width: 1920px) 100vw, 1920px\" \/><\/figure>\n\n\n\n<div class=\"wp-block-group is-vertical is-content-justification-center is-nowrap is-layout-flex wp-container-core-group-is-layout-12 wp-block-group-is-layout-flex\" style=\"margin-top:var(--wp--preset--spacing--20);margin-bottom:var(--wp--preset--spacing--20);padding-top:0;padding-bottom:0\">\n<h2 class=\"wp-block-heading has-text-align-center has-large-font-size\"><strong>El Montante<\/strong><\/h2>\n\n\n\n<p class=\"has-text-align-center has-small-font-size\">Esta gran espada de dos manos, de 167 cm de altura, era un s\u00edmbolo de los maestros de esgrima, guardaespaldas y soldados de \u00e9lite del barroco ib\u00e9rico. Exig\u00eda una biomec\u00e1nica y una percepci\u00f3n espacial muy desarrolladas, ya que a menudo se utilizaba contra varios oponentes al mismo tiempo.<\/p>\n<\/div>\n<\/div>\n\n\n\n<div class=\"wp-block-column is-layout-flow wp-block-column-is-layout-flow\">\n<figure class=\"wp-block-image size-full is-style-default wp-duotone-duotone-1\"><img loading=\"lazy\" decoding=\"async\" width=\"1920\" height=\"1536\" src=\"https:\/\/academiaespada.com\/wp-content\/uploads\/2024\/02\/image00398.jpeg\" alt=\"\" class=\"wp-image-50\" style=\"aspect-ratio:1;object-fit:cover\" srcset=\"https:\/\/academiaespada.com\/wp-content\/uploads\/2024\/02\/image00398.jpeg 1920w, https:\/\/academiaespada.com\/wp-content\/uploads\/2024\/02\/image00398-300x240.jpeg 300w, https:\/\/academiaespada.com\/wp-content\/uploads\/2024\/02\/image00398-1024x819.jpeg 1024w, https:\/\/academiaespada.com\/wp-content\/uploads\/2024\/02\/image00398-768x614.jpeg 768w, https:\/\/academiaespada.com\/wp-content\/uploads\/2024\/02\/image00398-1536x1229.jpeg 1536w\" sizes=\"auto, (max-width: 1920px) 100vw, 1920px\" \/><\/figure>\n\n\n\n<div class=\"wp-block-group is-vertical is-content-justification-center is-nowrap is-layout-flex wp-container-core-group-is-layout-13 wp-block-group-is-layout-flex\" style=\"margin-top:var(--wp--preset--spacing--20);margin-bottom:var(--wp--preset--spacing--20);padding-top:0;padding-bottom:0\">\n<h4 class=\"wp-block-heading has-text-align-center has-large-font-size\"><strong>El Espad\u00edn<\/strong><\/h4>\n\n\n\n<p class=\"has-text-align-center has-small-font-size\">Tambi\u00e9n estudiamos el espad\u00edn seg\u00fan la \u00abDoctrina Mixta Espa\u00f1ola\u00bb, desarrollada contempor\u00e1neamente a los \u00faltimos tiempos de la Verdadera Destreza, cuando las influencias francas e it\u00e1licas comenzaban a ser dominantes en la esgrima ib\u00e9rica.<\/p>\n<\/div>\n<\/div>\n<\/div>\n<\/div>\n\n\n\n<div style=\"height:50px\" aria-hidden=\"true\" class=\"wp-block-spacer\"><\/div>\n<\/div>\n\n\n\n<div class=\"wp-block-group alignfull has-contrast-color has-base-2-background-color has-text-color has-background has-link-color wp-elements-5d20aced27e207534d4821cf1db04dab has-global-padding is-layout-constrained wp-container-core-group-is-layout-18 wp-block-group-is-layout-constrained\" id=\"sources\" style=\"margin-top:0;margin-bottom:0;padding-top:0;padding-right:var(--wp--preset--spacing--50);padding-bottom:0;padding-left:var(--wp--preset--spacing--50)\">\n<div class=\"wp-block-group alignwide has-global-padding is-layout-constrained wp-container-core-group-is-layout-17 wp-block-group-is-layout-constrained\">\n<div style=\"height:100px\" aria-hidden=\"true\" class=\"wp-block-spacer\"><\/div>\n\n\n\n<h2 class=\"wp-block-heading has-text-align-center\">Las Fuentes<\/h2>\n\n\n\n<div style=\"height:100px\" aria-hidden=\"true\" class=\"wp-block-spacer\"><\/div>\n\n\n\n<p>Han llegado hasta el presente m\u00e1s de 100 textos relacionados con la Verdadera Destreza.<\/p>\n\n\n\n<p>Sus autores fueron mayormente hidalgos y nobles que no se ganaban la vida mediante la ense\u00f1anza de la esgrima, aunque varios de ellos fueron soldados y oficiales y tuvieron experiencia militar.<\/p>\n\n\n\n<div style=\"height:10px\" aria-hidden=\"true\" class=\"wp-block-spacer\"><\/div>\n\n\n\n<p>Se puede suponer que el acceso pleno a este sistema, al menos inicialmente, solo estaba al alcance de esta clase social. Para comprenderlo plenamente se necesitaba un alto nivel de educaci\u00f3n, por ejemplo en filosof\u00eda y geometr\u00eda, que no estaba generalizado en aquella \u00e9poca.<\/p>\n\n\n\n<div style=\"height:10px\" aria-hidden=\"true\" class=\"wp-block-spacer\"><\/div>\n\n\n\n<p>El escritor contempor\u00e1neo Francisco de Quevedo tambi\u00e9n hace burla de los diestros en una de sus obras (<em>El Busc\u00f3n<\/em>), llam\u00e1ndolos tontos porque parec\u00edan querer aprender y practicar este sistema pero eran incapaces de entenderlo.<\/p>\n\n\n\n<div class=\"wp-block-group has-global-padding is-layout-constrained wp-block-group-is-layout-constrained\">\n<div class=\"wp-block-columns alignwide is-layout-flex wp-container-core-columns-is-layout-6 wp-block-columns-is-layout-flex\" style=\"margin-top:var(--wp--preset--spacing--10);margin-bottom:var(--wp--preset--spacing--10)\">\n<div class=\"wp-block-column is-vertically-aligned-top is-layout-flow wp-block-column-is-layout-flow\" style=\"flex-basis:50%\">\n<p><strong>Jer\u00f3nimo S\u00e1nchez de Carranza<\/strong> es considerado el fundador del sistema, en su libro <em>De la Filosof\u00eda de las Armas y de su Destreza y la Agression y Defensa Cristiana<\/em> , de 1569. Carranza fue capit\u00e1n en los ej\u00e9rcitos hisp\u00e1nicos, cortesano y gobernador de Sanl\u00facar de Barrameda, as\u00ed como gobernador y capit\u00e1n general de Honduras, en Nueva Espa\u00f1a.<\/p>\n<\/div>\n\n\n\n<div class=\"wp-block-column is-layout-flow wp-block-column-is-layout-flow\" style=\"flex-basis:50%\">\n<figure class=\"wp-block-image size-full is-style-default\"><img loading=\"lazy\" decoding=\"async\" width=\"792\" height=\"717\" src=\"https:\/\/academiaespada.com\/wp-content\/uploads\/2024\/04\/Carranza_8.jpg\" alt=\"\" class=\"wp-image-16655\" srcset=\"https:\/\/academiaespada.com\/wp-content\/uploads\/2024\/04\/Carranza_8.jpg 792w, https:\/\/academiaespada.com\/wp-content\/uploads\/2024\/04\/Carranza_8-300x272.jpg 300w, https:\/\/academiaespada.com\/wp-content\/uploads\/2024\/04\/Carranza_8-768x695.jpg 768w, https:\/\/academiaespada.com\/wp-content\/uploads\/2024\/04\/Carranza_8-500x453.jpg 500w\" sizes=\"auto, (max-width: 792px) 100vw, 792px\" \/><\/figure>\n<\/div>\n<\/div>\n\n\n\n<div class=\"wp-block-columns alignwide is-layout-flex wp-container-core-columns-is-layout-7 wp-block-columns-is-layout-flex\">\n<div class=\"wp-block-column is-layout-flow wp-block-column-is-layout-flow\" style=\"flex-basis:50%\">\n<figure class=\"wp-block-image aligncenter size-full is-style-default\"><img loading=\"lazy\" decoding=\"async\" width=\"392\" height=\"392\" src=\"https:\/\/academiaespada.com\/wp-content\/uploads\/2024\/04\/MS_Phill.1941_27r-edited.jpg\" alt=\"\" class=\"wp-image-16635\" srcset=\"https:\/\/academiaespada.com\/wp-content\/uploads\/2024\/04\/MS_Phill.1941_27r-edited.jpg 392w, https:\/\/academiaespada.com\/wp-content\/uploads\/2024\/04\/MS_Phill.1941_27r-edited-300x300.jpg 300w, https:\/\/academiaespada.com\/wp-content\/uploads\/2024\/04\/MS_Phill.1941_27r-edited-150x150.jpg 150w\" sizes=\"auto, (max-width: 392px) 100vw, 392px\" \/><figcaption class=\"wp-element-caption\">MS Phill. 1941: una copia manuscrita tard\u00eda de las ense\u00f1anzas de Pacheco, incluidas las <em>Cien Conclusiones y Dieciocho Contradicciones<\/em>.<\/figcaption><\/figure>\n<\/div>\n\n\n\n<div class=\"wp-block-column is-vertically-aligned-center is-layout-flow wp-block-column-is-layout-flow\" style=\"flex-basis:50%\">\n<p>Uno de los autores m\u00e1s importantes de Destreza fue su presunto alumno <strong>Luis Pacheco de Narv\u00e1ez<\/strong> con uno de los trabajos m\u00e1s importantes, <em>Nueva Ciencia, y Filosof\u00eda de la Destreza de las Armas<\/em>, escrito en 1625 pero publicado alrededor de 1672. Pacheco fue maestro mayor de esgrima y estaba al cargo de certificar nuevos maestros, posici\u00f3n que utiliz\u00f3 para promover la Verdadera Destreza.<\/p>\n\n\n\n<p>En sus primeras obras promovi\u00f3 y public\u00f3 muchas de las ense\u00f1anzas de Carranza, pero luego se volvi\u00f3 cada vez m\u00e1s cr\u00edtico con \u00e9l, probablemente con la intenci\u00f3n de distanciarse conscientemente del maestro.&nbsp;<\/p>\n<\/div>\n<\/div>\n\n\n\n<div class=\"wp-block-columns alignwide is-layout-flex wp-container-core-columns-is-layout-8 wp-block-columns-is-layout-flex\">\n<div class=\"wp-block-column is-vertically-aligned-center is-layout-flow wp-block-column-is-layout-flow\" style=\"flex-basis:50%\">\n<p>Otro autor interesante es <strong>Francisco Antonio de Ettenhard y <strong> Abarc<\/strong>a<\/strong>, (~1650-1701). Sirvi\u00f3 tanto al rey Carlos II como al rey Felipe V y fue capit\u00e1n de la guardia alemana del rey. Se le considera uno de los cuatro grandes maestros de la Verdadera Destreza (junto con Carranza, Pacheco y Rada).<\/p>\n\n\n\n<p>Ettenhard explic\u00f3 c\u00f3mo contrarrestar el estilo de esgrima \u00abitaliano\u00bb. Una de sus obras m\u00e1s famosas, titulada <em>Compendio de los Fundamentos de la Verdadera Destreza y Filosof\u00eda de las Armas<\/em>, est\u00e1 fechada en 1675 y publicada en Madrid. Adem\u00e1s del compendio, tambi\u00e9n escribi\u00f3 <em>El Diestro italiano y espa\u00f1ol<\/em>, impreso en 1697. Sus trabajos contin\u00faan las ense\u00f1anzas de Pacheco, de quien se consideraba seguidor.<\/p>\n<\/div>\n\n\n\n<div class=\"wp-block-column is-layout-flow wp-block-column-is-layout-flow\" style=\"flex-basis:50%\">\n<figure class=\"wp-block-image size-full is-style-default\"><img loading=\"lazy\" decoding=\"async\" width=\"1920\" height=\"1440\" src=\"https:\/\/academiaespada.com\/wp-content\/uploads\/2024\/04\/ettenhard.jpg\" alt=\"\" class=\"wp-image-16636\" srcset=\"https:\/\/academiaespada.com\/wp-content\/uploads\/2024\/04\/ettenhard.jpg 1920w, https:\/\/academiaespada.com\/wp-content\/uploads\/2024\/04\/ettenhard-300x225.jpg 300w, https:\/\/academiaespada.com\/wp-content\/uploads\/2024\/04\/ettenhard-1024x768.jpg 1024w, https:\/\/academiaespada.com\/wp-content\/uploads\/2024\/04\/ettenhard-768x576.jpg 768w, https:\/\/academiaespada.com\/wp-content\/uploads\/2024\/04\/ettenhard-1536x1152.jpg 1536w, https:\/\/academiaespada.com\/wp-content\/uploads\/2024\/04\/ettenhard-500x375.jpg 500w, https:\/\/academiaespada.com\/wp-content\/uploads\/2024\/04\/ettenhard-800x600.jpg 800w, https:\/\/academiaespada.com\/wp-content\/uploads\/2024\/04\/ettenhard-1280x960.jpg 1280w\" sizes=\"auto, (max-width: 1920px) 100vw, 1920px\" \/><figcaption class=\"wp-element-caption\">Francisco Antonio Ethenard y Abarca. <em>Compendio de los fundamentos de la verdadera destreza, y filosofia de las armas<\/em>. 1675.<\/figcaption><\/figure>\n<\/div>\n<\/div>\n\n\n\n<div class=\"wp-block-columns alignwide is-layout-flex wp-container-core-columns-is-layout-9 wp-block-columns-is-layout-flex\">\n<div class=\"wp-block-column is-layout-flow wp-block-column-is-layout-flow\" style=\"flex-basis:50%\">\n<figure class=\"wp-block-image size-large is-style-default\"><img loading=\"lazy\" decoding=\"async\" width=\"1024\" height=\"833\" src=\"https:\/\/academiaespada.com\/wp-content\/uploads\/2024\/04\/0d6f3a01cfaef2862ca26b53346ac4d5-1024x833.jpg\" alt=\"\" class=\"wp-image-16613\" srcset=\"https:\/\/academiaespada.com\/wp-content\/uploads\/2024\/04\/0d6f3a01cfaef2862ca26b53346ac4d5-1024x833.jpg 1024w, https:\/\/academiaespada.com\/wp-content\/uploads\/2024\/04\/0d6f3a01cfaef2862ca26b53346ac4d5-300x244.jpg 300w, https:\/\/academiaespada.com\/wp-content\/uploads\/2024\/04\/0d6f3a01cfaef2862ca26b53346ac4d5-768x625.jpg 768w, https:\/\/academiaespada.com\/wp-content\/uploads\/2024\/04\/0d6f3a01cfaef2862ca26b53346ac4d5-1536x1250.jpg 1536w, https:\/\/academiaespada.com\/wp-content\/uploads\/2024\/04\/0d6f3a01cfaef2862ca26b53346ac4d5-2048x1666.jpg 2048w, https:\/\/academiaespada.com\/wp-content\/uploads\/2024\/04\/0d6f3a01cfaef2862ca26b53346ac4d5-500x407.jpg 500w, https:\/\/academiaespada.com\/wp-content\/uploads\/2024\/04\/0d6f3a01cfaef2862ca26b53346ac4d5-800x651.jpg 800w, https:\/\/academiaespada.com\/wp-content\/uploads\/2024\/04\/0d6f3a01cfaef2862ca26b53346ac4d5-1280x1041.jpg 1280w, https:\/\/academiaespada.com\/wp-content\/uploads\/2024\/04\/0d6f3a01cfaef2862ca26b53346ac4d5-1920x1562.jpg 1920w\" sizes=\"auto, (max-width: 1024px) 100vw, 1024px\" \/><figcaption class=\"wp-element-caption\">Rada&#8217;s <em>Nobleza de la Espada<\/em>, 1705.<\/figcaption><\/figure>\n<\/div>\n\n\n\n<div class=\"wp-block-column is-vertically-aligned-center is-layout-flow wp-block-column-is-layout-flow\" style=\"flex-basis:50%\">\n<p>El \u00faltimo representante importante del canon cl\u00e1sico de Destreza fue Francisco Lorenz de Rada: militar, caballero de Santiago y gobernador de Veracruz.<\/p>\n\n\n\n<p>A lo largo de su vida, Rada produjo muchos textos cada vez m\u00e1s complejos sobre la Verdadera Destreza, en los que demuestra una comprensi\u00f3n profunda, y ahonda en el desarrollo de esta tradici\u00f3n. Principalmente importantes son: <em>Crisol de la verdadera destreza, y Filosof\u00eda Matem\u00e1tica de las Armas<\/em> (1695), y <em>Nobleza de la espada<\/em> (1705)\u200b \u2014 un tratado de tres tomos en el que desarrolla el arte de la esgrima a partir de principios filos\u00f3ficos, geom\u00e9tricos y teol\u00f3gicos.<\/p>\n<\/div>\n<\/div>\n\n\n\n<div style=\"height:50px\" aria-hidden=\"true\" class=\"wp-block-spacer\"><\/div>\n\n\n\n<div class=\"wp-block-columns alignwide are-vertically-aligned-top is-layout-flex wp-container-core-columns-is-layout-10 wp-block-columns-is-layout-flex\">\n<div class=\"wp-block-column is-vertically-aligned-top is-layout-flow wp-block-column-is-layout-flow\" style=\"flex-basis:50%\">\n<h5 class=\"wp-block-heading\" style=\"margin-top:var(--wp--preset--spacing--10);margin-bottom:var(--wp--preset--spacing--10)\">Fuera de la Verdadera Destreza<\/h5>\n\n\n\n<p>Los autores de la Verdadera Destreza la presentan en oposici\u00f3n a la <em>Esgrima Vulgar<\/em> o <em>Comun<\/em> , escuela que exist\u00eda ya con anterioridad.<\/p>\n\n\n\n<p>Los autores de Destreza no se cansaron de demostrar que rechazaban esta forma de esgrima, pero se trataba sobre todo de un esfuerzo te\u00f3rico. Aunque hubo algunos intentos de erradicar la Destreza Com\u00fan en el plano pr\u00e1ctico (sobre todo durante la \u00e9poca de Pacheco como maestro de armas real), nunca fue suprimida por completo.<\/p>\n\n\n\n<p>El autor m\u00e1s importante de la tradici\u00f3n Vulgar que ha sobrevivido es el portugu\u00e9s <strong>Domingo Luis Godinho<\/strong>, cuyo manuscrito in\u00e9dito <em>Arte de Esgrima<\/em> (1599) documenta la forma en que un maestro de fuera del canon de la Destreza Verdadera conceb\u00eda la esgrima.<\/p>\n<\/div>\n\n\n\n<div class=\"wp-block-column is-vertically-aligned-top is-layout-flow wp-block-column-is-layout-flow\" style=\"flex-basis:50%\">\n<h5 class=\"wp-block-heading\" style=\"padding-top:var(--wp--preset--spacing--10);padding-bottom:var(--wp--preset--spacing--10)\">Despu\u00e9s de la Verdadera Destreza<\/h5>\n\n\n\n<p>Hubo otros autores despu\u00e9s de Rada, pero fueron cada vez m\u00e1s influenciados por tradiciones francas e it\u00e1licas.<\/p>\n\n\n\n<p>Por \u00faltimo, pero no menos importante, da dinast\u00eda franca de los Borbones sustituy\u00f3 a los germanos Habsburgo en el trono hisp\u00e1nico a principios del siglo XVIII, lo que tambi\u00e9n tuvo consecuencias sociales y provoc\u00f3 que se extendieran la moda, las costumbres y los usos franceses.<\/p>\n\n\n\n<p>Las \u00faltimas fuentes relacionadas con la Verdadera Destreza llegar\u00e1n hasta el siglo XIX, en manuales militares que intentan aplicar los principios a nuevas armas (sables y bayonetas) y su contexto.<\/p>\n<\/div>\n<\/div>\n\n\n\n<div style=\"height:100px\" aria-hidden=\"true\" class=\"wp-block-spacer\"><\/div>\n<\/div>\n<\/div>\n<\/div>\n\n\n\n<div class=\"wp-block-group has-global-padding is-content-justification-center is-layout-constrained wp-container-core-group-is-layout-19 wp-block-group-is-layout-constrained\" style=\"padding-right:var(--wp--preset--spacing--60);padding-left:var(--wp--preset--spacing--60)\">\n<figure class=\"wp-block-image size-large\"><img loading=\"lazy\" decoding=\"async\" width=\"702\" height=\"1024\" src=\"https:\/\/academiaespada.com\/wp-content\/uploads\/2024\/04\/academiadaespada-ton-fundoclaro-702x1024.png\" alt=\"\" class=\"wp-image-16560\" srcset=\"https:\/\/academiaespada.com\/wp-content\/uploads\/2024\/04\/academiadaespada-ton-fundoclaro-702x1024.png 702w, https:\/\/academiaespada.com\/wp-content\/uploads\/2024\/04\/academiadaespada-ton-fundoclaro-206x300.png 206w, https:\/\/academiaespada.com\/wp-content\/uploads\/2024\/04\/academiadaespada-ton-fundoclaro-768x1120.png 768w, https:\/\/academiaespada.com\/wp-content\/uploads\/2024\/04\/academiadaespada-ton-fundoclaro-1054x1536.png 1054w, https:\/\/academiaespada.com\/wp-content\/uploads\/2024\/04\/academiadaespada-ton-fundoclaro.png 1317w\" sizes=\"auto, (max-width: 702px) 100vw, 702px\" \/><\/figure>\n<\/div>\n<\/div>","protected":false},"excerpt":{"rendered":"<p>The art of fencing turned into science. Our school mainly trains with the cup-hilted rapier, based on the tradition of \u00abVerdadera Destreza\u00bb: a historical martial art &#8211; sometimes referred to as a science by its authors &#8211; applicable to various weapons, and which was very popular during the XVI, XVII and XVIII centuries throughout the [&hellip;]<\/p>","protected":false},"author":1,"featured_media":41,"parent":0,"menu_order":0,"comment_status":"closed","ping_status":"closed","template":"","meta":{"gutenify_custom_css":"","gutenify_custom_css_data":"","footnotes":""},"class_list":["post-2","page","type-page","status-publish","has-post-thumbnail","hentry"],"_links":{"self":[{"href":"http:\/\/academiaespada.com\/es\/wp-json\/wp\/v2\/pages\/2","targetHints":{"allow":["GET"]}}],"collection":[{"href":"http:\/\/academiaespada.com\/es\/wp-json\/wp\/v2\/pages"}],"about":[{"href":"http:\/\/academiaespada.com\/es\/wp-json\/wp\/v2\/types\/page"}],"author":[{"embeddable":true,"href":"http:\/\/academiaespada.com\/es\/wp-json\/wp\/v2\/users\/1"}],"replies":[{"embeddable":true,"href":"http:\/\/academiaespada.com\/es\/wp-json\/wp\/v2\/comments?post=2"}],"version-history":[{"count":56,"href":"http:\/\/academiaespada.com\/es\/wp-json\/wp\/v2\/pages\/2\/revisions"}],"predecessor-version":[{"id":17203,"href":"http:\/\/academiaespada.com\/es\/wp-json\/wp\/v2\/pages\/2\/revisions\/17203"}],"wp:featuredmedia":[{"embeddable":true,"href":"http:\/\/academiaespada.com\/es\/wp-json\/wp\/v2\/media\/41"}],"wp:attachment":[{"href":"http:\/\/academiaespada.com\/es\/wp-json\/wp\/v2\/media?parent=2"}],"curies":[{"name":"wp","href":"https:\/\/api.w.org\/{rel}","templated":true}]}}